{"id":48729,"date":"2021-09-16T16:04:10","date_gmt":"2021-09-16T16:04:10","guid":{"rendered":"https:\/\/www.erkelenz-senf-und-gewuerze.de\/?page_id=48729"},"modified":"2021-09-17T07:42:47","modified_gmt":"2021-09-17T07:42:47","slug":"impressum","status":"publish","type":"page","link":"https:\/\/www.erkelenz-senf-und-gewuerze.de\/index.php\/impressum\/","title":{"rendered":"Impressum"},"content":{"rendered":"<p>[et_pb_section fb_built=&#8220;1&#8243; admin_label=&#8220;Features&#8220; _builder_version=&#8220;3.22&#8243; custom_padding=&#8220;100px|0px|100px|0px&#8220; global_colors_info=&#8220;{}&#8220;][et_pb_row column_structure=&#8220;1_2,1_2&#8243; admin_label=&#8220;Section Header&#8220; _builder_version=&#8220;3.25&#8243; module_alignment=&#8220;center&#8220; custom_padding=&#8220;|||&#8220; global_colors_info=&#8220;{}&#8220;][et_pb_column type=&#8220;1_2&#8243; _builder_version=&#8220;3.25&#8243; custom_padding=&#8220;|||&#8220; global_colors_info=&#8220;{}&#8220; custom_padding__hover=&#8220;|||&#8220;][et_pb_text _builder_version=&#8220;4.9.11&#8243; _module_preset=&#8220;default&#8220; hover_enabled=&#8220;0&#8243; global_colors_info=&#8220;{}&#8220; sticky_enabled=&#8220;0&#8243;]<\/p>\n<h1>Impressum<\/h1>\n<h2>Angaben gem\u00e4\u00df \u00a7 5 TMG<\/h2>\n<p>Katrin Pangels<br \/>Erkelenzer Senf &amp; Gew\u00fcrzwerkstatt Katrin Pangels e.K.<br \/>Helmut-Clever-Weg 2<br \/>41812 Erkelenz<\/p>\n<p>Handelsregister: HRA 9583<br \/>Registergericht: Amtsgericht M\u00f6nchengladbach<\/p>\n<h2>Kontakt<\/h2>\n<p>Telefon: 02431-9465911<br \/>E-Mail: info@erkelenz-senf-und-gewuerze.de<\/p>\n<h2>Umsatzsteuer-ID<\/h2>\n<p>Umsatzsteuer-Identifikationsnummer gem\u00e4\u00df \u00a7 27 a Umsatzsteuergesetz:<br \/>DE342555024<\/p>\n<h2>EU-Streitschlichtung<\/h2>\n<p>Die Europ\u00e4ische Kommission stellt eine Plattform zur Online-Streitbeilegung (OS) bereit: <a href=\"https:\/\/ec.europa.eu\/consumers\/odr\/\" target=\"_blank\" rel=\"noopener noreferrer\">https:\/\/ec.europa.eu\/consumers\/odr\/<\/a>.<br \/>Unsere E-Mail-Adresse finden Sie oben im Impressum.<\/p>\n<h2>Verbraucher\u00adstreit\u00adbeilegung\/Universal\u00adschlichtungs\u00adstelle<\/h2>\n<p>Wir sind nicht bereit oder verpflichtet, an Streitbeilegungsverfahren vor einer Verbraucherschlichtungsstelle teilzunehmen.<\/p>\n<p>[\/et_pb_text][\/et_pb_column][et_pb_column type=&#8220;1_2&#8243; _builder_version=&#8220;3.25&#8243; custom_padding=&#8220;|||&#8220; global_colors_info=&#8220;{}&#8220; custom_padding__hover=&#8220;|||&#8220;][et_pb_text _builder_version=&#8220;4.9.11&#8243; _module_preset=&#8220;default&#8220; global_colors_info=&#8220;{}&#8220;]<\/p>\n<h5>Haftung f\u00fcr Inhalte<\/h5>\n<p>Als Diensteanbieter sind wir gem\u00e4\u00df \u00a7 7 Abs.1 TMG f\u00fcr eigene Inhalte auf diesen Seiten nach den allgemeinen Gesetzen verantwortlich. Nach \u00a7\u00a7 8 bis 10 TMG sind wir als Diensteanbieter jedoch nicht verpflichtet, \u00fcbermittelte oder gespeicherte fremde Informationen zu \u00fcberwachen oder nach Umst\u00e4nden zu forschen, die auf eine rechtswidrige T\u00e4tigkeit hinweisen.<\/p>\n<p>Verpflichtungen zur Entfernung oder Sperrung der Nutzung von Informationen nach den allgemeinen Gesetzen bleiben hiervon unber\u00fchrt. Eine diesbez\u00fcgliche Haftung ist jedoch erst ab dem Zeitpunkt der Kenntnis einer konkreten Rechtsverletzung m\u00f6glich. Bei Bekanntwerden von entsprechenden Rechtsverletzungen werden wir diese Inhalte umgehend entfernen.<\/p>\n<h5>Haftung f\u00fcr Links<\/h5>\n<p>Unser Angebot enth\u00e4lt Links zu externen Websites Dritter, auf deren Inhalte wir keinen Einfluss haben. Deshalb k\u00f6nnen wir f\u00fcr diese fremden Inhalte auch keine Gew\u00e4hr \u00fcbernehmen. F\u00fcr die Inhalte der verlinkten Seiten ist stets der jeweilige Anbieter oder Betreiber der Seiten verantwortlich. Die verlinkten Seiten wurden zum Zeitpunkt der Verlinkung auf m\u00f6gliche Rechtsverst\u00f6\u00dfe \u00fcberpr\u00fcft. Rechtswidrige Inhalte waren zum Zeitpunkt der Verlinkung nicht erkennbar.<\/p>\n<p>Eine permanente inhaltliche Kontrolle der verlinkten Seiten ist jedoch ohne konkrete Anhaltspunkte einer Rechtsverletzung nicht zumutbar. Bei Bekanntwerden von Rechtsverletzungen werden wir derartige Links umgehend entfernen.<\/p>\n<h5>Urheberrechte<\/h5>\n<p>Die durch die Seitenbetreiber erstellten Inhalte und Werke auf diesen Seiten unterliegen dem deutschen Urheberrecht. Die Vervielf\u00e4ltigung, Bearbeitung, Verbreitung und jede Art der Verwertung au\u00dferhalb der Grenzen des Urheberrechtes bed\u00fcrfen der schriftlichen Zustimmung des jeweiligen Autors bzw. Erstellers. Downloads und Kopien dieser Seite sind nur f\u00fcr den privaten, nicht kommerziellen Gebrauch gestattet.<\/p>\n<p>Soweit die Inhalte auf dieser Seite nicht vom Betreiber erstellt wurden, werden die Urheberrechte Dritter beachtet. Insbesondere werden Inhalte Dritter als solche gekennzeichnet. Sollten Sie trotzdem auf eine Urheberrechtsverletzung aufmerksam werden, bitten wir um einen entsprechenden Hinweis. Bei Bekanntwerden von Rechtsverletzungen werden wir derartige Inhalte umgehend entfernen.<\/p>\n<h5>Fotografie &amp; Bildnachweise<\/h5>\n<p>\u00a9 Ezume Images\u00a0\u2013 Fotolia.com,\u00a0\u00a9 StockphotoVideo\u00a0\u2013 Fotolia.com,\u00a0\u00a9 eflstudioart\u00a0\u2013 Fotolia.com,\u00a0\u00a9 Silvia Bogdanski\u00a0\u2013 Fotolia.com,\u00a0\u00a9 5ph\u00a0\u2013 Fotolia.com,\u00a0\u00a9 Comugnero Silvana\u00a0\u2013 Fotolia.com,\u00a0\u00a9 kab-vision\u00a0\u2013 Fotolia.com,\u00a0\u00a9 charlottelake\u00a0\u2013 Fotolia.com,\u00a0\u00a9 Printemps\u00a0\u2013 Fotolia.com,\u00a0\u00a9 Inga\u00a0\u2013 Fotolia.com,\u00a0\u00a9 Africa Studio\u00a0\u2013 Fotolia.com,\u00a0\u00a9 fotoknips\u00a0\u2013 Fotolia.com,\u00a0\u00a9 WavebreakmediaMicro\u00a0\u2013 Fotolia.com,\u00a0\u00a9 amy_lv\u00a0\u2013 Fotolia.com,\u00a0\u00a9 M.studio\u00a0\u2013 Fotolia.com,\u00a0\u00a9 Dionisvera\u00a0\u2013 Fotolia.com,\u00a0\u00a9 monticellllo\u00a0\u2013 Fotolia.com<\/p>\n<p>[\/et_pb_text][\/et_pb_column][\/et_pb_row][\/et_pb_section]<\/p>\n","protected":false},"excerpt":{"rendered":"<p>Impressum Angaben gem\u00e4\u00df \u00a7 5 TMG Katrin PangelsErkelenzer Senf &amp; Gew\u00fcrzwerkstatt Katrin Pangels e.K.Helmut-Clever-Weg 241812 Erkelenz Handelsregister: HRA 9583Registergericht: Amtsgericht M\u00f6nchengladbach Kontakt Telefon: 02431-9465911E-Mail: info@erkelenz-senf-und-gewuerze.de Umsatzsteuer-ID Umsatzsteuer-Identifikationsnummer gem\u00e4\u00df \u00a7 27 a Umsatzsteuergesetz:DE342555024 EU-Streitschlichtung Die Europ\u00e4ische Kommission stellt eine Plattform zur Online-Streitbeilegung (OS) bereit: https:\/\/ec.europa.eu\/consumers\/odr\/.Unsere E-Mail-Adresse finden Sie oben im Impressum. Verbraucher\u00adstreit\u00adbeilegung\/Universal\u00adschlichtungs\u00adstelle Wir sind nicht bereit [&hellip;]<\/p>\n","protected":false},"author":2,"featured_media":0,"parent":0,"menu_order":0,"comment_status":"closed","ping_status":"closed","template":"","meta":{"_et_pb_use_builder":"on","_et_pb_old_content":"","_et_gb_content_width":"","footnotes":""},"class_list":["post-48729","page","type-page","status-publish","hentry"],"yoast_head":"<!-- This site is optimized with the Yoast SEO plugin v22.0 - https:\/\/yoast.com\/wordpress\/plugins\/seo\/ -->\n<title>Impressum - Erkelenz Senf &amp; Gew\u00fcrzwerkstatt<\/title>\n<meta name=\"robots\" content=\"index, follow, max-snippet:-1, max-image-preview:large, max-video-preview:-1\" \/>\n<link rel=\"canonical\" href=\"https:\/\/www.erkelenz-senf-und-gewuerze.de\/index.php\/impressum\/\" \/>\n<meta property=\"og:locale\" content=\"de_DE\" \/>\n<meta property=\"og:type\" content=\"article\" \/>\n<meta property=\"og:title\" content=\"Impressum - Erkelenz Senf &amp; Gew\u00fcrzwerkstatt\" \/>\n<meta property=\"og:description\" content=\"Impressum Angaben gem\u00e4\u00df \u00a7 5 TMG Katrin PangelsErkelenzer Senf &amp; Gew\u00fcrzwerkstatt Katrin Pangels e.K.Helmut-Clever-Weg 241812 Erkelenz Handelsregister: HRA 9583Registergericht: Amtsgericht M\u00f6nchengladbach Kontakt Telefon: 02431-9465911E-Mail: info@erkelenz-senf-und-gewuerze.de Umsatzsteuer-ID Umsatzsteuer-Identifikationsnummer gem\u00e4\u00df \u00a7 27 a Umsatzsteuergesetz:DE342555024 EU-Streitschlichtung Die Europ\u00e4ische Kommission stellt eine Plattform zur Online-Streitbeilegung (OS) bereit: https:\/\/ec.europa.eu\/consumers\/odr\/.Unsere E-Mail-Adresse finden Sie oben im Impressum. Verbraucher\u00adstreit\u00adbeilegung\/Universal\u00adschlichtungs\u00adstelle Wir sind nicht bereit [&hellip;]\" \/>\n<meta property=\"og:url\" content=\"https:\/\/www.erkelenz-senf-und-gewuerze.de\/index.php\/impressum\/\" \/>\n<meta property=\"og:site_name\" content=\"Erkelenz Senf &amp; Gew\u00fcrzwerkstatt\" \/>\n<meta property=\"article:modified_time\" content=\"2021-09-17T07:42:47+00:00\" \/>\n<meta name=\"twitter:card\" content=\"summary_large_image\" \/>\n<meta name=\"twitter:label1\" content=\"Gesch\u00e4tzte Lesezeit\" \/>\n\t<meta name=\"twitter:data1\" content=\"3\u00a0Minuten\" \/>\n<script type=\"application\/ld+json\" class=\"yoast-schema-graph\">{\"@context\":\"https:\/\/schema.org\",\"@graph\":[{\"@type\":\"WebPage\",\"@id\":\"https:\/\/www.erkelenz-senf-und-gewuerze.de\/index.php\/impressum\/\",\"url\":\"https:\/\/www.erkelenz-senf-und-gewuerze.de\/index.php\/impressum\/\",\"name\":\"Impressum - Erkelenz Senf &amp; Gew\u00fcrzwerkstatt\",\"isPartOf\":{\"@id\":\"https:\/\/www.erkelenz-senf-und-gewuerze.de\/#website\"},\"datePublished\":\"2021-09-16T16:04:10+00:00\",\"dateModified\":\"2021-09-17T07:42:47+00:00\",\"breadcrumb\":{\"@id\":\"https:\/\/www.erkelenz-senf-und-gewuerze.de\/index.php\/impressum\/#breadcrumb\"},\"inLanguage\":\"de\",\"potentialAction\":[{\"@type\":\"ReadAction\",\"target\":[\"https:\/\/www.erkelenz-senf-und-gewuerze.de\/index.php\/impressum\/\"]}]},{\"@type\":\"BreadcrumbList\",\"@id\":\"https:\/\/www.erkelenz-senf-und-gewuerze.de\/index.php\/impressum\/#breadcrumb\",\"itemListElement\":[{\"@type\":\"ListItem\",\"position\":1,\"name\":\"Startseite\",\"item\":\"https:\/\/www.erkelenz-senf-und-gewuerze.de\/\"},{\"@type\":\"ListItem\",\"position\":2,\"name\":\"Impressum\"}]},{\"@type\":\"WebSite\",\"@id\":\"https:\/\/www.erkelenz-senf-und-gewuerze.de\/#website\",\"url\":\"https:\/\/www.erkelenz-senf-und-gewuerze.de\/\",\"name\":\"Erkelenz Senf &amp; Gew\u00fcrzwerkstatt\",\"description\":\"Senf und Gew\u00fcrze aus Erkelenz\",\"potentialAction\":[{\"@type\":\"SearchAction\",\"target\":{\"@type\":\"EntryPoint\",\"urlTemplate\":\"https:\/\/www.erkelenz-senf-und-gewuerze.de\/?s={search_term_string}\"},\"query-input\":\"required name=search_term_string\"}],\"inLanguage\":\"de\"}]}<\/script>\n<!-- \/ Yoast SEO plugin. -->","yoast_head_json":{"title":"Impressum - Erkelenz Senf &amp; Gew\u00fcrzwerkstatt","robots":{"index":"index","follow":"follow","max-snippet":"max-snippet:-1","max-image-preview":"max-image-preview:large","max-video-preview":"max-video-preview:-1"},"canonical":"https:\/\/www.erkelenz-senf-und-gewuerze.de\/index.php\/impressum\/","og_locale":"de_DE","og_type":"article","og_title":"Impressum - Erkelenz Senf &amp; Gew\u00fcrzwerkstatt","og_description":"Impressum Angaben gem\u00e4\u00df \u00a7 5 TMG Katrin PangelsErkelenzer Senf &amp; Gew\u00fcrzwerkstatt Katrin Pangels e.K.Helmut-Clever-Weg 241812 Erkelenz Handelsregister: HRA 9583Registergericht: Amtsgericht M\u00f6nchengladbach Kontakt Telefon: 02431-9465911E-Mail: info@erkelenz-senf-und-gewuerze.de Umsatzsteuer-ID Umsatzsteuer-Identifikationsnummer gem\u00e4\u00df \u00a7 27 a Umsatzsteuergesetz:DE342555024 EU-Streitschlichtung Die Europ\u00e4ische Kommission stellt eine Plattform zur Online-Streitbeilegung (OS) bereit: https:\/\/ec.europa.eu\/consumers\/odr\/.Unsere E-Mail-Adresse finden Sie oben im Impressum. Verbraucher\u00adstreit\u00adbeilegung\/Universal\u00adschlichtungs\u00adstelle Wir sind nicht bereit [&hellip;]","og_url":"https:\/\/www.erkelenz-senf-und-gewuerze.de\/index.php\/impressum\/","og_site_name":"Erkelenz Senf &amp; Gew\u00fcrzwerkstatt","article_modified_time":"2021-09-17T07:42:47+00:00","twitter_card":"summary_large_image","twitter_misc":{"Gesch\u00e4tzte Lesezeit":"3\u00a0Minuten"},"schema":{"@context":"https:\/\/schema.org","@graph":[{"@type":"WebPage","@id":"https:\/\/www.erkelenz-senf-und-gewuerze.de\/index.php\/impressum\/","url":"https:\/\/www.erkelenz-senf-und-gewuerze.de\/index.php\/impressum\/","name":"Impressum - Erkelenz Senf &amp; Gew\u00fcrzwerkstatt","isPartOf":{"@id":"https:\/\/www.erkelenz-senf-und-gewuerze.de\/#website"},"datePublished":"2021-09-16T16:04:10+00:00","dateModified":"2021-09-17T07:42:47+00:00","breadcrumb":{"@id":"https:\/\/www.erkelenz-senf-und-gewuerze.de\/index.php\/impressum\/#breadcrumb"},"inLanguage":"de","potentialAction":[{"@type":"ReadAction","target":["https:\/\/www.erkelenz-senf-und-gewuerze.de\/index.php\/impressum\/"]}]},{"@type":"BreadcrumbList","@id":"https:\/\/www.erkelenz-senf-und-gewuerze.de\/index.php\/impressum\/#breadcrumb","itemListElement":[{"@type":"ListItem","position":1,"name":"Startseite","item":"https:\/\/www.erkelenz-senf-und-gewuerze.de\/"},{"@type":"ListItem","position":2,"name":"Impressum"}]},{"@type":"WebSite","@id":"https:\/\/www.erkelenz-senf-und-gewuerze.de\/#website","url":"https:\/\/www.erkelenz-senf-und-gewuerze.de\/","name":"Erkelenz Senf &amp; Gew\u00fcrzwerkstatt","description":"Senf und Gew\u00fcrze aus Erkelenz","potentialAction":[{"@type":"SearchAction","target":{"@type":"EntryPoint","urlTemplate":"https:\/\/www.erkelenz-senf-und-gewuerze.de\/?s={search_term_string}"},"query-input":"required name=search_term_string"}],"inLanguage":"de"}]}},"_links":{"self":[{"href":"https:\/\/www.erkelenz-senf-und-gewuerze.de\/index.php\/wp-json\/wp\/v2\/pages\/48729","targetHints":{"allow":["GET"]}}],"collection":[{"href":"https:\/\/www.erkelenz-senf-und-gewuerze.de\/index.php\/wp-json\/wp\/v2\/pages"}],"about":[{"href":"https:\/\/www.erkelenz-senf-und-gewuerze.de\/index.php\/wp-json\/wp\/v2\/types\/page"}],"author":[{"embeddable":true,"href":"https:\/\/www.erkelenz-senf-und-gewuerze.de\/index.php\/wp-json\/wp\/v2\/users\/2"}],"replies":[{"embeddable":true,"href":"https:\/\/www.erkelenz-senf-und-gewuerze.de\/index.php\/wp-json\/wp\/v2\/comments?post=48729"}],"version-history":[{"count":9,"href":"https:\/\/www.erkelenz-senf-und-gewuerze.de\/index.php\/wp-json\/wp\/v2\/pages\/48729\/revisions"}],"predecessor-version":[{"id":48771,"href":"https:\/\/www.erkelenz-senf-und-gewuerze.de\/index.php\/wp-json\/wp\/v2\/pages\/48729\/revisions\/48771"}],"wp:attachment":[{"href":"https:\/\/www.erkelenz-senf-und-gewuerze.de\/index.php\/wp-json\/wp\/v2\/media?parent=48729"}],"curies":[{"name":"wp","href":"https:\/\/api.w.org\/{rel}","templated":true}]}}