{"id":48553,"date":"2021-09-15T10:49:17","date_gmt":"2021-09-15T10:49:17","guid":{"rendered":"https:\/\/www.erkelenz-senf-und-gewuerze.de\/?page_id=48553"},"modified":"2024-03-20T08:59:08","modified_gmt":"2024-03-20T08:59:08","slug":"start","status":"publish","type":"page","link":"https:\/\/www.erkelenz-senf-und-gewuerze.de\/","title":{"rendered":"Start"},"content":{"rendered":"<p>[et_pb_section fb_built=&#8220;1&#8243; fullwidth=&#8220;on&#8220; admin_label=&#8220;Header Section&#8220; _builder_version=&#8220;4.16&#8243; background_color=&#8220;#000000&#8243; custom_padding=&#8220;|||&#8220; global_colors_info=&#8220;{}&#8220;][et_pb_fullwidth_header text_orientation=&#8220;center&#8220; header_scroll_down=&#8220;on&#8220; scroll_down_icon=&#8220;%%2%%&#8220; scroll_down_icon_color=&#8220;#ffffff&#8220; background_overlay_color=&#8220;rgba(255,255,255,0.9)&#8220; logo_image_url=&#8220;https:\/\/www.erkelenz-senf-und-gewuerze.de\/wp-content\/uploads\/2021\/09\/Logo-Erkelenzer-Senf-Gewuerzwerkstatt-quer.png&#8220; content_max_width_last_edited=&#8220;off|desktop&#8220; admin_label=&#8220;Contents&#8220; _builder_version=&#8220;4.16&#8243; title_font=&#8220;Oswald|||on|&#8220; title_text_align=&#8220;center&#8220; title_font_size=&#8220;80px&#8220; title_letter_spacing=&#8220;0.05em&#8220; title_line_height=&#8220;1.5em&#8220; subhead_font=&#8220;Nunito|600|||||||&#8220; subhead_font_size=&#8220;20px&#8220; subhead_line_height=&#8220;1.9em&#8220; background_color=&#8220;rgba(255, 255, 255, 0)&#8220; background_image=&#8220;https:\/\/www.erkelenz-senf-und-gewuerze.de\/wp-content\/uploads\/2021\/09\/gewuerze_1.jpg&#8220; parallax=&#8220;on&#8220; parallax_method=&#8220;on&#8220; custom_button_one=&#8220;on&#8220; button_one_text_size=&#8220;15px&#8220; button_one_text_color=&#8220;#ffffff&#8220; button_one_bg_color=&#8220;#dca57d&#8220; button_one_border_width=&#8220;10px&#8220; button_one_border_color=&#8220;#dca57d&#8220; button_one_border_radius=&#8220;0px&#8220; button_one_letter_spacing=&#8220;3px&#8220; button_one_font=&#8220;Oswald|||on|&#8220; button_one_use_icon=&#8220;off&#8220; background_layout=&#8220;light&#8220; custom_padding=&#8220;12%||12%|&#8220; animation_style=&#8220;fade&#8220; animation_starting_opacity=&#8220;50%&#8220; animation_speed_curve=&#8220;ease-in&#8220; title_font_size_tablet=&#8220;60px&#8220; title_font_size_phone=&#8220;40px&#8220; title_font_size_last_edited=&#8220;on|phone&#8220; button_one_border_color_hover=&#8220;#c99872&#8243; button_one_border_radius_hover=&#8220;0px&#8220; button_one_letter_spacing_hover=&#8220;3px&#8220; button_one_bg_color_hover=&#8220;#c99872&#8243; global_colors_info=&#8220;{}&#8220; button_one_text_size__hover_enabled=&#8220;off&#8220; button_two_text_size__hover_enabled=&#8220;off&#8220; button_one_text_color__hover_enabled=&#8220;off&#8220; button_two_text_color__hover_enabled=&#8220;off&#8220; button_one_border_width__hover_enabled=&#8220;off&#8220; button_two_border_width__hover_enabled=&#8220;off&#8220; button_one_border_color__hover_enabled=&#8220;on&#8220; button_one_border_color__hover=&#8220;#c99872&#8243; button_two_border_color__hover_enabled=&#8220;off&#8220; button_one_border_radius__hover_enabled=&#8220;on&#8220; button_one_border_radius__hover=&#8220;0px&#8220; button_two_border_radius__hover_enabled=&#8220;off&#8220; button_one_letter_spacing__hover_enabled=&#8220;on&#8220; button_one_letter_spacing__hover=&#8220;3px&#8220; button_two_letter_spacing__hover_enabled=&#8220;off&#8220; button_one_bg_color__hover_enabled=&#8220;on&#8220; button_one_bg_color__hover=&#8220;#c99872&#8243; button_two_bg_color__hover_enabled=&#8220;off&#8220;][\/et_pb_fullwidth_header][\/et_pb_section][et_pb_section fb_built=&#8220;1&#8243; disabled_on=&#8220;off|off|off&#8220; admin_label=&#8220;Urlaub&#8220; _builder_version=&#8220;4.17.3&#8243; background_color=&#8220;#A71009&#8243; custom_padding=&#8220;5%|0px|5%|0px|false|false&#8220; animation_style=&#8220;bounce&#8220; locked=&#8220;off&#8220; global_colors_info=&#8220;{}&#8220;][et_pb_row custom_padding_last_edited=&#8220;on|desktop&#8220; admin_label=&#8220;tittle Row&#8220; _builder_version=&#8220;4.17.3&#8243; background_color=&#8220;#A71009&#8243; width=&#8220;100%&#8220; custom_margin=&#8220;|||&#8220; custom_padding=&#8220;40px|0px|40px|0px&#8220; custom_padding_tablet=&#8220;|0px||&#8220; custom_padding_phone=&#8220;|0px||&#8220; custom_width_px=&#8220;1280px&#8220; global_colors_info=&#8220;{}&#8220;][et_pb_column type=&#8220;4_4&#8243; _builder_version=&#8220;4.17.3&#8243; custom_padding=&#8220;|||&#8220; global_colors_info=&#8220;{}&#8220; custom_padding__hover=&#8220;|||&#8220;][et_pb_text admin_label=&#8220;Tittle&#8220; _builder_version=&#8220;4.17.3&#8243; text_font=&#8220;||||||||&#8220; header_font=&#8220;|||on|||||&#8220; header_text_align=&#8220;center&#8220; header_2_font=&#8220;Oswald|||on|||||&#8220; header_2_text_align=&#8220;center&#8220; header_2_font_size=&#8220;40px&#8220; header_2_letter_spacing=&#8220;2px&#8220; header_2_line_height=&#8220;1.5em&#8220; background_color=&#8220;#A71009&#8243; background_layout=&#8220;dark&#8220; max_width=&#8220;600px&#8220; module_alignment=&#8220;center&#8220; global_colors_info=&#8220;{}&#8220;]<\/p>\n<h2>Alles muss raus, wir schlie\u00dfen!<\/h2>\n<p>[\/et_pb_text][et_pb_text disabled_on=&#8220;off|off|off&#8220; admin_label=&#8220;Texts&#8220; _builder_version=&#8220;4.17.3&#8243; text_font=&#8220;Arial||||||||&#8220; text_text_color=&#8220;#ffffff&#8220; text_font_size=&#8220;24px&#8220; text_line_height=&#8220;1.8em&#8220; header_font=&#8220;Oswald||||&#8220; header_font_size=&#8220;16px&#8220; header_letter_spacing=&#8220;2px&#8220; header_line_height=&#8220;1.7em&#8220; background_color=&#8220;#A71009&#8243; text_orientation=&#8220;center&#8220; max_width_tablet=&#8220;&#8220; max_width_phone=&#8220;&#8220; max_width_last_edited=&#8220;on|phone&#8220; module_alignment=&#8220;center&#8220; custom_margin=&#8220;-30px|||&#8220; hover_enabled=&#8220;0&#8243; locked=&#8220;off&#8220; global_colors_info=&#8220;{}&#8220; sticky_enabled=&#8220;0&#8243;]<\/p>\n<p>Der Ausverkauf aller Artikel l\u00e4uft noch bis Samstag den 23. M\u00e4rz 2024.<\/p>\n<p>[\/et_pb_text][\/et_pb_column][\/et_pb_row][\/et_pb_section][et_pb_section fb_built=&#8220;1&#8243; disabled_on=&#8220;on|on|on&#8220; admin_label=&#8220;\u00d6ffnungszeiten&#8220; _builder_version=&#8220;4.17.3&#8243; background_color=&#8220;#A71009&#8243; custom_padding=&#8220;5%|0px|5%|0px|false|false&#8220; animation_style=&#8220;bounce&#8220; disabled=&#8220;on&#8220; locked=&#8220;off&#8220; global_colors_info=&#8220;{}&#8220;][et_pb_row custom_padding_last_edited=&#8220;on|desktop&#8220; admin_label=&#8220;tittle Row&#8220; _builder_version=&#8220;4.17.3&#8243; background_color=&#8220;#A71009&#8243; width=&#8220;100%&#8220; custom_margin=&#8220;|||&#8220; custom_padding=&#8220;40px|0px|40px|0px&#8220; custom_padding_tablet=&#8220;|0px||&#8220; custom_padding_phone=&#8220;|0px||&#8220; custom_width_px=&#8220;1280px&#8220; global_colors_info=&#8220;{}&#8220;][et_pb_column type=&#8220;4_4&#8243; _builder_version=&#8220;4.17.3&#8243; background_color=&#8220;#A71009&#8243; custom_padding=&#8220;|||&#8220; global_colors_info=&#8220;{}&#8220; custom_padding__hover=&#8220;|||&#8220;][et_pb_text admin_label=&#8220;Tittle&#8220; _builder_version=&#8220;4.17.3&#8243; text_font=&#8220;||||||||&#8220; header_font=&#8220;|||on|||||&#8220; header_text_align=&#8220;center&#8220; header_2_font=&#8220;Oswald|||on|||||&#8220; header_2_text_align=&#8220;center&#8220; header_2_font_size=&#8220;40px&#8220; header_2_letter_spacing=&#8220;2px&#8220; header_2_line_height=&#8220;1.5em&#8220; background_color=&#8220;#A71009&#8243; background_layout=&#8220;dark&#8220; max_width=&#8220;600px&#8220; module_alignment=&#8220;center&#8220; global_colors_info=&#8220;{}&#8220;]<\/p>\n<h2>Ge\u00e4nderte \u00d6ffnungszeiten<\/h2>\n<p>[\/et_pb_text][et_pb_text disabled_on=&#8220;off|off|off&#8220; admin_label=&#8220;Texts&#8220; _builder_version=&#8220;4.17.3&#8243; text_font=&#8220;Arial||||||||&#8220; text_text_color=&#8220;#ffffff&#8220; text_font_size=&#8220;24px&#8220; text_line_height=&#8220;1.8em&#8220; header_font=&#8220;Oswald||||&#8220; header_font_size=&#8220;16px&#8220; header_letter_spacing=&#8220;2px&#8220; header_line_height=&#8220;1.7em&#8220; background_color=&#8220;#A71009&#8243; text_orientation=&#8220;center&#8220; max_width_tablet=&#8220;&#8220; max_width_phone=&#8220;&#8220; max_width_last_edited=&#8220;on|phone&#8220; module_alignment=&#8220;center&#8220; custom_margin=&#8220;-30px|||&#8220; locked=&#8220;off&#8220; global_colors_info=&#8220;{}&#8220;]<\/p>\n<p>Liebe Kunden, bitte beachten Sie, dass wir unsere \u00d6ffnungszeiten ge\u00e4ndert haben.<\/p>\n<p>Mo. geschlossen<br \/>Di. 9.00 \u2013 12.00 Uhr<br \/>Mi. 9.00 \u2013 12.00 &amp; 14.00 \u2013 17.00 Uhr<br \/>Do. 9.00 \u2013 12.00 &amp; 14.00 \u2013 16.00 Uhr<br \/>Fr. 9.00 \u2013 12.00 &amp; 14.00 \u2013 16.00 Uhr<br \/>Sa. 9.00 \u2013 12.00 Uhr<\/p>\n<p>[\/et_pb_text][\/et_pb_column][\/et_pb_row][\/et_pb_section][et_pb_section fb_built=&#8220;1&#8243; disabled_on=&#8220;on|on|on&#8220; admin_label=&#8220;About Coffee&#8220; _builder_version=&#8220;4.17.3&#8243; background_color=&#8220;#A71009&#8243; custom_padding=&#8220;5%|0px|5%|0px|false|false&#8220; animation_style=&#8220;bounce&#8220; disabled=&#8220;on&#8220; locked=&#8220;off&#8220; global_colors_info=&#8220;{}&#8220;][et_pb_row custom_padding_last_edited=&#8220;on|desktop&#8220; admin_label=&#8220;tittle Row&#8220; _builder_version=&#8220;4.16&#8243; width=&#8220;100%&#8220; custom_margin=&#8220;|||&#8220; custom_padding=&#8220;40px|0px|40px|0px&#8220; custom_padding_tablet=&#8220;|0px||&#8220; custom_padding_phone=&#8220;|0px||&#8220; custom_width_px=&#8220;1280px&#8220; global_colors_info=&#8220;{}&#8220;][et_pb_column type=&#8220;4_4&#8243; _builder_version=&#8220;4.16&#8243; custom_padding=&#8220;|||&#8220; global_colors_info=&#8220;{}&#8220; custom_padding__hover=&#8220;|||&#8220;][et_pb_text admin_label=&#8220;Tittle&#8220; _builder_version=&#8220;4.16&#8243; text_font=&#8220;||||||||&#8220; header_font=&#8220;|||on|||||&#8220; header_text_align=&#8220;center&#8220; header_2_font=&#8220;Oswald|||on|||||&#8220; header_2_text_align=&#8220;center&#8220; header_2_font_size=&#8220;40px&#8220; header_2_letter_spacing=&#8220;2px&#8220; header_2_line_height=&#8220;1.5em&#8220; background_layout=&#8220;dark&#8220; max_width=&#8220;600px&#8220; module_alignment=&#8220;center&#8220; global_colors_info=&#8220;{}&#8220;]<\/p>\n<h2>Neue Adresse<\/h2>\n<p>[\/et_pb_text][et_pb_text disabled_on=&#8220;off|off|off&#8220; admin_label=&#8220;Texts&#8220; _builder_version=&#8220;4.17.3&#8243; text_font=&#8220;Arial||||||||&#8220; text_text_color=&#8220;#ffffff&#8220; text_font_size=&#8220;24px&#8220; text_line_height=&#8220;1.8em&#8220; header_font=&#8220;Oswald||||&#8220; header_font_size=&#8220;16px&#8220; header_letter_spacing=&#8220;2px&#8220; header_line_height=&#8220;1.7em&#8220; text_orientation=&#8220;center&#8220; max_width_tablet=&#8220;&#8220; max_width_phone=&#8220;&#8220; max_width_last_edited=&#8220;on|phone&#8220; module_alignment=&#8220;center&#8220; custom_margin=&#8220;-30px|||&#8220; locked=&#8220;off&#8220; global_colors_info=&#8220;{}&#8220;]<\/p>\n<p>Sie finden uns auf dem Helmut-Clever-Weg 2 in 41812 Erkelenz im Ortsteil Kuckum (neu) gegen\u00fcber dem Sportplatz.\u00a0Wir freuen uns Sie auch weiterhin in unserem Laden mit allen K\u00f6stlichkeiten der Senf- und Gew\u00fcrzm\u00fchle Terhorst versorgen zu d\u00fcrfen.<\/p>\n<p>[\/et_pb_text][\/et_pb_column][\/et_pb_row][\/et_pb_section][et_pb_section fb_built=&#8220;1&#8243; admin_label=&#8220;Gew\u00fcrzwerkstatt&#8220; _builder_version=&#8220;4.16&#8243; background_color_gradient_direction=&#8220;90deg&#8220; custom_margin=&#8220;0px|0px|0px|0px|false|false&#8220; custom_padding=&#8220;0px|0px|0px|0px&#8220; collapsed=&#8220;off&#8220; global_colors_info=&#8220;{}&#8220;][et_pb_row column_structure=&#8220;1_2,1_2&#8243; use_custom_gutter=&#8220;on&#8220; gutter_width=&#8220;1&#8243; make_equal=&#8220;on&#8220; admin_label=&#8220;Gew\u00fcrze&#8220; module_class=&#8220; et_pb_row_fullwidth&#8220; _builder_version=&#8220;4.16&#8243; width=&#8220;100%&#8220; width_tablet=&#8220;100%&#8220; width_phone=&#8220;&#8220; width_last_edited=&#8220;on|desktop&#8220; max_width=&#8220;100%&#8220; max_width_tablet=&#8220;100%&#8220; max_width_phone=&#8220;&#8220; max_width_last_edited=&#8220;on|desktop&#8220; custom_margin=&#8220;0px|0px|0px|0px|false|false&#8220; custom_padding=&#8220;0px|0px|0px|0px&#8220; make_fullwidth=&#8220;on&#8220; global_colors_info=&#8220;{}&#8220;][et_pb_column type=&#8220;1_2&#8243; _builder_version=&#8220;4.16&#8243; custom_padding=&#8220;100px|10%|100px|10%&#8220; global_colors_info=&#8220;{}&#8220; custom_padding__hover=&#8220;|||&#8220;][et_pb_text admin_label=&#8220;Gew\u00fcrzwerkstatt Text&#8220; _builder_version=&#8220;4.17.3&#8243; text_font=&#8220;Arial||||||||&#8220; text_font_size=&#8220;18px&#8220; text_line_height=&#8220;1.8em&#8220; header_text_align=&#8220;center&#8220; header_3_font=&#8220;Oswald|||on|||||&#8220; header_3_font_size=&#8220;42px&#8220; header_3_letter_spacing=&#8220;2px&#8220; header_3_line_height=&#8220;1.5em&#8220; max_width=&#8220;600px&#8220; max_width_tablet=&#8220;&#8220; max_width_phone=&#8220;&#8220; max_width_last_edited=&#8220;on|phone&#8220; module_alignment=&#8220;left&#8220; custom_margin=&#8220;|||&#8220; locked=&#8220;off&#8220; global_colors_info=&#8220;{}&#8220;]<\/p>\n<h3>Gew\u00fcrzwerkstatt<\/h3>\n<p>Ob Pfeffer aus Brasilien, Sternanis aus China oder Zimt aus Indonesien, fast von jedem Kontinent der Erde kommen Gew\u00fcrze zu uns nach Erkelenz. Hier werden sie gemischt, verpackt und zu unseren Kunden geliefert.<\/p>\n<p>Traditionelle und immer neue Mischungen aus Kr\u00e4utern und Gew\u00fcrzen ohne Zusatzstoffe sind gefragt. Internationale Trends aus den K\u00fcchen der Welt vergr\u00f6\u00dfern st\u00e4ndig die Produktvielfalt.<\/p>\n<p>[\/et_pb_text][\/et_pb_column][et_pb_column type=&#8220;1_2&#8243; _builder_version=&#8220;4.16&#8243; background_image=&#8220;https:\/\/www.erkelenz-senf-und-gewuerze.de\/wp-content\/uploads\/2021\/09\/AdobeStock_136698752-scaled.jpeg&#8220; custom_padding=&#8220;|||&#8220; global_colors_info=&#8220;{}&#8220; custom_padding__hover=&#8220;|||&#8220;][\/et_pb_column][\/et_pb_row][\/et_pb_section][et_pb_section fb_built=&#8220;1&#8243; admin_label=&#8220;Senf&#8220; _builder_version=&#8220;4.16&#8243; background_color_gradient_direction=&#8220;90deg&#8220; custom_margin=&#8220;0px|0px|0px|0px|false|false&#8220; custom_padding=&#8220;0px|0px|0px|0px&#8220; collapsed=&#8220;off&#8220; global_colors_info=&#8220;{}&#8220;][et_pb_row column_structure=&#8220;1_2,1_2&#8243; use_custom_gutter=&#8220;on&#8220; gutter_width=&#8220;1&#8243; make_equal=&#8220;on&#8220; admin_label=&#8220;Senf&#8220; module_class=&#8220; et_pb_row_fullwidth&#8220; _builder_version=&#8220;4.16&#8243; width=&#8220;100%&#8220; width_tablet=&#8220;100%&#8220; width_phone=&#8220;&#8220; width_last_edited=&#8220;on|desktop&#8220; max_width=&#8220;100%&#8220; max_width_tablet=&#8220;100%&#8220; max_width_phone=&#8220;&#8220; max_width_last_edited=&#8220;on|desktop&#8220; custom_margin=&#8220;0px|0px|0px|0px|false|false&#8220; custom_padding=&#8220;0px|0px|0px|0px|false|false&#8220; make_fullwidth=&#8220;on&#8220; global_colors_info=&#8220;{}&#8220;][et_pb_column type=&#8220;1_2&#8243; _builder_version=&#8220;4.16&#8243; background_image=&#8220;https:\/\/www.erkelenz-senf-und-gewuerze.de\/wp-content\/uploads\/2022\/03\/senftopf.jpg&#8220; custom_padding=&#8220;100px|10%|100px|10%&#8220; global_colors_info=&#8220;{}&#8220; custom_padding__hover=&#8220;|||&#8220;][\/et_pb_column][et_pb_column type=&#8220;1_2&#8243; _builder_version=&#8220;4.16&#8243; background_color=&#8220;#F4E4C0&#8243; background_enable_image=&#8220;off&#8220; custom_padding=&#8220;100px|10%|100px|10%|false|false&#8220; global_colors_info=&#8220;{}&#8220; custom_padding__hover=&#8220;|||&#8220;][et_pb_text admin_label=&#8220;Senf Text&#8220; _builder_version=&#8220;4.16&#8243; text_font=&#8220;Nunito||||||||&#8220; text_text_color=&#8220;#474747&#8243; text_font_size=&#8220;18px&#8220; text_line_height=&#8220;1.8em&#8220; header_text_align=&#8220;center&#8220; header_3_font=&#8220;Oswald|||on|||||&#8220; header_3_font_size=&#8220;42px&#8220; header_3_letter_spacing=&#8220;2px&#8220; header_3_line_height=&#8220;1.5em&#8220; max_width=&#8220;600px&#8220; max_width_tablet=&#8220;&#8220; max_width_phone=&#8220;&#8220; max_width_last_edited=&#8220;on|phone&#8220; module_alignment=&#8220;left&#8220; custom_margin=&#8220;|||&#8220; locked=&#8220;off&#8220; global_colors_info=&#8220;{}&#8220;]<\/p>\n<h3>Senf<\/h3>\n<p>Im Sommer 2021 haben wir den regionalen Senf-Vertrieb der Senfm\u00fchle Terhorst \u00fcbernommen. Sie erhalten bei uns den originalen Terhost Mostert in allen Geschmacksrichtungen. Die Senfm\u00fchle Terhorst arbeitet mit zwei verschiedenen Senfsorten, mit gelben Senfk\u00f6rnern, die einen sehr milden und feinw\u00fcrzigen Geschmack entwickeln, und mit braunen bzw. schwarzen Senfk\u00f6rnern, die wesentlich mehr Sch\u00e4rfe enthalten.\u00a0Bei der traditionellen Herstellungsweise auf Steinmahlg\u00e4ngen bleibt wegen der Kaltvermahlung das nat\u00fcrliche Aroma und die Sch\u00e4rfe des Senfes erhalten. Voller Genu\u00df ist durch diese hohe Qualit\u00e4t garantiert.<\/p>\n<p>Leider werden die altbekannten Steinzeugt\u00f6pfe nicht mehr produziert, somit waren wir gezwungen uns nach einer Alternative umzuschauen. Der Original Terhorst Mostert wird ab sofort in einem Schraubglas mit 180 ml F\u00fcllmenge abgef\u00fcllt. Dieses moderne und stilvolle Glas ist geruchslos und geschmacksneutral. Es geht keine Wechselwirkung mit anderen Stoffen ein und gibt keine Schadstoffe ab. Von daher ist es sowohl aus gesundheitlicher Sicht, als auch wegen sehr hoher Recyclingquoten die perfekte Alternative.<\/p>\n<p>[\/et_pb_text][\/et_pb_column][\/et_pb_row][\/et_pb_section][et_pb_section fb_built=&#8220;1&#8243; admin_label=&#8220;Footer&#8220; _builder_version=&#8220;4.16&#8243; background_color_gradient_direction=&#8220;90deg&#8220; background_image=&#8220;https:\/\/www.erkelenz-senf-und-gewuerze.de\/wp-content\/uploads\/2021\/09\/Fotolia_129300983_XS.jpg&#8220; parallax=&#8220;on&#8220; custom_padding=&#8220;0px|0px|0px|0px&#8220; saved_tabs=&#8220;all&#8220; locked=&#8220;off&#8220; collapsed=&#8220;off&#8220; global_colors_info=&#8220;{}&#8220;][et_pb_row column_structure=&#8220;1_2,1_2&#8243; use_custom_gutter=&#8220;on&#8220; gutter_width=&#8220;1&#8243; make_equal=&#8220;on&#8220; admin_label=&#8220;Footer Row&#8220; module_class=&#8220; et_pb_row_fullwidth&#8220; _builder_version=&#8220;4.16&#8243; width=&#8220;100%&#8220; width_tablet=&#8220;100%&#8220; width_phone=&#8220;&#8220; width_last_edited=&#8220;on|desktop&#8220; max_width=&#8220;100%&#8220; max_width_tablet=&#8220;100%&#8220; max_width_phone=&#8220;&#8220; max_width_last_edited=&#8220;on|desktop&#8220; custom_margin=&#8220;|||&#8220; custom_padding=&#8220;0px|0px|0px|0px&#8220; animation_style=&#8220;fade&#8220; make_fullwidth=&#8220;on&#8220; global_colors_info=&#8220;{}&#8220;][et_pb_column type=&#8220;1_2&#8243; _builder_version=&#8220;4.16&#8243; background_color=&#8220;rgba(0,0,0,0.6)&#8220; custom_padding=&#8220;100px|10%|100px|10%&#8220; custom_padding_tablet=&#8220;&#8220; custom_padding_phone=&#8220;&#8220; custom_padding_last_edited=&#8220;on|phone&#8220; global_colors_info=&#8220;{}&#8220; padding_last_edited=&#8220;on|phone&#8220; custom_padding__hover=&#8220;|||&#8220;][et_pb_text admin_label=&#8220;Tittle&#8220; _builder_version=&#8220;4.16&#8243; text_font=&#8220;Oswald||||&#8220; link_font=&#8220;||||||||&#8220; ul_font=&#8220;||||||||&#8220; ol_font=&#8220;||||||||&#8220; quote_font=&#8220;||||||||&#8220; header_font=&#8220;||||||||&#8220; header_2_font=&#8220;Oswald|||on|||||&#8220; header_2_text_align=&#8220;left&#8220; header_2_font_size=&#8220;40px&#8220; header_2_letter_spacing=&#8220;2px&#8220; header_2_line_height=&#8220;1.5em&#8220; background_layout=&#8220;dark&#8220; custom_margin=&#8220;||4%|&#8220; locked=&#8220;off&#8220; global_colors_info=&#8220;{}&#8220;]<\/p>\n<h2>\u00d6ffnungszeiten<\/h2>\n<p>[\/et_pb_text][et_pb_text admin_label=&#8220;Texts&#8220; _builder_version=&#8220;4.17.3&#8243; text_font=&#8220;Nunito||||&#8220; text_line_height=&#8220;1.5em&#8220; header_font=&#8220;Oswald|||on|&#8220; header_text_color=&#8220;#DCA57D&#8220; header_font_size=&#8220;16px&#8220; header_letter_spacing=&#8220;2px&#8220; header_line_height=&#8220;1.7em&#8220; header_4_font=&#8220;Oswald|||on|||||&#8220; header_4_text_color=&#8220;#F28800&#8243; header_4_font_size=&#8220;16px&#8220; header_4_letter_spacing=&#8220;1px&#8220; header_4_line_height=&#8220;1.5em&#8220; background_layout=&#8220;dark&#8220; custom_margin=&#8220;||6%|&#8220; locked=&#8220;off&#8220; global_colors_info=&#8220;{}&#8220;]<\/p>\n<h4>Montag geschlossen<\/p>\n<p>Dienstag 9.00 \u2013 12.00 Uhr\u00a0<\/p>\n<p>Mittwoch 9.00 \u2013 12.00 &amp; 14.00 \u2013 17.00 Uhr<\/p>\n<p>Donnerstag 9.00 \u2013 12.00 &amp; 14.00 \u2013 16.00 Uhr<\/p>\n<p>Freitag 9.00 \u2013 12.00 &amp; 14.00 \u2013 16.00 Uhr<\/p>\n<p>Samstag 9.00 \u2013 12.00 Uhr<\/h4>\n<p>[\/et_pb_text][\/et_pb_column][et_pb_column type=&#8220;1_2&#8243; _builder_version=&#8220;4.16&#8243; background_color=&#8220;#1d2528&#8243; custom_padding=&#8220;100px|10%|100px|10%&#8220; global_colors_info=&#8220;{}&#8220; custom_padding__hover=&#8220;|||&#8220;][et_pb_text admin_label=&#8220;Texts&#8220; _builder_version=&#8220;4.16&#8243; text_font=&#8220;Oswald||||&#8220; link_font=&#8220;||||||||&#8220; ul_font=&#8220;||||||||&#8220; ol_font=&#8220;||||||||&#8220; quote_font=&#8220;||||||||&#8220; header_font=&#8220;||||||||&#8220; header_2_font=&#8220;Oswald|||on|||||&#8220; header_2_text_align=&#8220;left&#8220; header_2_font_size=&#8220;40px&#8220; header_2_letter_spacing=&#8220;2px&#8220; header_2_line_height=&#8220;1.5em&#8220; background_layout=&#8220;dark&#8220; custom_margin=&#8220;||4%|&#8220; custom_padding=&#8220;|||&#8220; locked=&#8220;off&#8220; global_colors_info=&#8220;{}&#8220;]<\/p>\n<h2>Kontakt<\/h2>\n<p>[\/et_pb_text][et_pb_text admin_label=&#8220;Texts&#8220; _builder_version=&#8220;4.16&#8243; text_font=&#8220;Nunito||||&#8220; header_font=&#8220;Oswald|||on|&#8220; header_text_color=&#8220;#DCA57D&#8220; header_font_size=&#8220;16px&#8220; header_letter_spacing=&#8220;2px&#8220; header_line_height=&#8220;1.7em&#8220; header_4_font=&#8220;Oswald|||on|||||&#8220; header_4_text_color=&#8220;#F28800&#8243; header_4_font_size=&#8220;16px&#8220; header_4_letter_spacing=&#8220;1px&#8220; header_4_line_height=&#8220;1.5em&#8220; background_layout=&#8220;dark&#8220; custom_margin=&#8220;||6%|&#8220; locked=&#8220;off&#8220; global_colors_info=&#8220;{}&#8220;]<\/p>\n<h4>Telefon<\/h4>\n<p>0 24 31 &#8211; 94 65 911<\/p>\n<p>[\/et_pb_text][et_pb_text admin_label=&#8220;Texts&#8220; _builder_version=&#8220;4.16&#8243; text_font=&#8220;Nunito||||&#8220; header_font=&#8220;Oswald|||on|&#8220; header_text_color=&#8220;#DCA57D&#8220; header_font_size=&#8220;16px&#8220; header_letter_spacing=&#8220;2px&#8220; header_line_height=&#8220;1.7em&#8220; header_4_font=&#8220;Oswald|||on|||||&#8220; header_4_text_color=&#8220;#F28800&#8243; header_4_font_size=&#8220;16px&#8220; header_4_letter_spacing=&#8220;1px&#8220; header_4_line_height=&#8220;1.5em&#8220; background_layout=&#8220;dark&#8220; custom_margin=&#8220;||6%|&#8220; locked=&#8220;off&#8220; global_colors_info=&#8220;{}&#8220;]<\/p>\n<h4>E-Mail<\/h4>\n<p>info@erkelenz-senf-und-gewuerze.de<\/p>\n<p>[\/et_pb_text][et_pb_text admin_label=&#8220;Texts&#8220; _builder_version=&#8220;4.16&#8243; text_font=&#8220;Nunito||||&#8220; text_line_height=&#8220;1.5em&#8220; header_font=&#8220;Oswald|||on|&#8220; header_text_color=&#8220;#DCA57D&#8220; header_font_size=&#8220;16px&#8220; header_letter_spacing=&#8220;2px&#8220; header_line_height=&#8220;1.7em&#8220; header_4_font=&#8220;Oswald|||on|||||&#8220; header_4_text_color=&#8220;#F28800&#8243; header_4_font_size=&#8220;16px&#8220; header_4_letter_spacing=&#8220;1px&#8220; header_4_line_height=&#8220;1.5em&#8220; background_layout=&#8220;dark&#8220; custom_margin=&#8220;||6%|&#8220; locked=&#8220;off&#8220; global_colors_info=&#8220;{}&#8220;]<\/p>\n<h4>Adresse<\/h4>\n<p>Helmut-Clever-Weg 2<br \/>41812 Erkelenz<br \/>Ortsteil Kuckum (NEU)<\/p>\n<p>[\/et_pb_text][\/et_pb_column][\/et_pb_row][\/et_pb_section]<\/p>\n","protected":false},"excerpt":{"rendered":"<p>Alles muss raus, wir schlie\u00dfen!Der Ausverkauf aller Artikel l\u00e4uft noch bis Samstag den 23. M\u00e4rz 2024.Ge\u00e4nderte \u00d6ffnungszeitenLiebe Kunden, bitte beachten Sie, dass wir unsere \u00d6ffnungszeiten ge\u00e4ndert haben. Mo. geschlossenDi. 9.00 \u2013 12.00 UhrMi. 9.00 \u2013 12.00 &amp; 14.00 \u2013 17.00 UhrDo. 9.00 \u2013 12.00 &amp; 14.00 \u2013 16.00 UhrFr. 9.00 \u2013 12.00 &amp; 14.00 \u2013 [&hellip;]<\/p>\n","protected":false},"author":2,"featured_media":0,"parent":0,"menu_order":0,"comment_status":"closed","ping_status":"closed","template":"","meta":{"_et_pb_use_builder":"on","_et_pb_old_content":"","_et_gb_content_width":"","footnotes":""},"class_list":["post-48553","page","type-page","status-publish","hentry"],"yoast_head":"<!-- This site is optimized with the Yoast SEO plugin v22.0 - https:\/\/yoast.com\/wordpress\/plugins\/seo\/ -->\n<title>Start - Erkelenz Senf &amp; Gew\u00fcrzwerkstatt<\/title>\n<meta name=\"robots\" content=\"index, follow, max-snippet:-1, max-image-preview:large, max-video-preview:-1\" \/>\n<link rel=\"canonical\" href=\"https:\/\/www.erkelenz-senf-und-gewuerze.de\/\" \/>\n<meta property=\"og:locale\" content=\"de_DE\" \/>\n<meta property=\"og:type\" content=\"article\" \/>\n<meta property=\"og:title\" content=\"Start - Erkelenz Senf &amp; Gew\u00fcrzwerkstatt\" \/>\n<meta property=\"og:description\" content=\"Alles muss raus, wir schlie\u00dfen!Der Ausverkauf aller Artikel l\u00e4uft noch bis Samstag den 23. M\u00e4rz 2024.Ge\u00e4nderte \u00d6ffnungszeitenLiebe Kunden, bitte beachten Sie, dass wir unsere \u00d6ffnungszeiten ge\u00e4ndert haben. Mo. geschlossenDi. 9.00 \u2013 12.00 UhrMi. 9.00 \u2013 12.00 &amp; 14.00 \u2013 17.00 UhrDo. 9.00 \u2013 12.00 &amp; 14.00 \u2013 16.00 UhrFr. 9.00 \u2013 12.00 &amp; 14.00 \u2013 [&hellip;]\" \/>\n<meta property=\"og:url\" content=\"https:\/\/www.erkelenz-senf-und-gewuerze.de\/\" \/>\n<meta property=\"og:site_name\" content=\"Erkelenz Senf &amp; Gew\u00fcrzwerkstatt\" \/>\n<meta property=\"article:modified_time\" content=\"2024-03-20T08:59:08+00:00\" \/>\n<meta name=\"twitter:card\" content=\"summary_large_image\" \/>\n<meta name=\"twitter:label1\" content=\"Gesch\u00e4tzte Lesezeit\" \/>\n\t<meta name=\"twitter:data1\" content=\"2\u00a0Minuten\" \/>\n<script type=\"application\/ld+json\" class=\"yoast-schema-graph\">{\"@context\":\"https:\/\/schema.org\",\"@graph\":[{\"@type\":\"WebPage\",\"@id\":\"https:\/\/www.erkelenz-senf-und-gewuerze.de\/\",\"url\":\"https:\/\/www.erkelenz-senf-und-gewuerze.de\/\",\"name\":\"Start - Erkelenz Senf &amp; Gew\u00fcrzwerkstatt\",\"isPartOf\":{\"@id\":\"https:\/\/www.erkelenz-senf-und-gewuerze.de\/#website\"},\"datePublished\":\"2021-09-15T10:49:17+00:00\",\"dateModified\":\"2024-03-20T08:59:08+00:00\",\"breadcrumb\":{\"@id\":\"https:\/\/www.erkelenz-senf-und-gewuerze.de\/#breadcrumb\"},\"inLanguage\":\"de\",\"potentialAction\":[{\"@type\":\"ReadAction\",\"target\":[\"https:\/\/www.erkelenz-senf-und-gewuerze.de\/\"]}]},{\"@type\":\"BreadcrumbList\",\"@id\":\"https:\/\/www.erkelenz-senf-und-gewuerze.de\/#breadcrumb\",\"itemListElement\":[{\"@type\":\"ListItem\",\"position\":1,\"name\":\"Startseite\",\"item\":\"https:\/\/www.erkelenz-senf-und-gewuerze.de\/\"},{\"@type\":\"ListItem\",\"position\":2,\"name\":\"Start\"}]},{\"@type\":\"WebSite\",\"@id\":\"https:\/\/www.erkelenz-senf-und-gewuerze.de\/#website\",\"url\":\"https:\/\/www.erkelenz-senf-und-gewuerze.de\/\",\"name\":\"Erkelenz Senf &amp; Gew\u00fcrzwerkstatt\",\"description\":\"Senf und Gew\u00fcrze aus Erkelenz\",\"potentialAction\":[{\"@type\":\"SearchAction\",\"target\":{\"@type\":\"EntryPoint\",\"urlTemplate\":\"https:\/\/www.erkelenz-senf-und-gewuerze.de\/?s={search_term_string}\"},\"query-input\":\"required name=search_term_string\"}],\"inLanguage\":\"de\"}]}<\/script>\n<!-- \/ Yoast SEO plugin. -->","yoast_head_json":{"title":"Start - Erkelenz Senf &amp; Gew\u00fcrzwerkstatt","robots":{"index":"index","follow":"follow","max-snippet":"max-snippet:-1","max-image-preview":"max-image-preview:large","max-video-preview":"max-video-preview:-1"},"canonical":"https:\/\/www.erkelenz-senf-und-gewuerze.de\/","og_locale":"de_DE","og_type":"article","og_title":"Start - Erkelenz Senf &amp; Gew\u00fcrzwerkstatt","og_description":"Alles muss raus, wir schlie\u00dfen!Der Ausverkauf aller Artikel l\u00e4uft noch bis Samstag den 23. M\u00e4rz 2024.Ge\u00e4nderte \u00d6ffnungszeitenLiebe Kunden, bitte beachten Sie, dass wir unsere \u00d6ffnungszeiten ge\u00e4ndert haben. Mo. geschlossenDi. 9.00 \u2013 12.00 UhrMi. 9.00 \u2013 12.00 &amp; 14.00 \u2013 17.00 UhrDo. 9.00 \u2013 12.00 &amp; 14.00 \u2013 16.00 UhrFr. 9.00 \u2013 12.00 &amp; 14.00 \u2013 [&hellip;]","og_url":"https:\/\/www.erkelenz-senf-und-gewuerze.de\/","og_site_name":"Erkelenz Senf &amp; Gew\u00fcrzwerkstatt","article_modified_time":"2024-03-20T08:59:08+00:00","twitter_card":"summary_large_image","twitter_misc":{"Gesch\u00e4tzte Lesezeit":"2\u00a0Minuten"},"schema":{"@context":"https:\/\/schema.org","@graph":[{"@type":"WebPage","@id":"https:\/\/www.erkelenz-senf-und-gewuerze.de\/","url":"https:\/\/www.erkelenz-senf-und-gewuerze.de\/","name":"Start - Erkelenz Senf &amp; Gew\u00fcrzwerkstatt","isPartOf":{"@id":"https:\/\/www.erkelenz-senf-und-gewuerze.de\/#website"},"datePublished":"2021-09-15T10:49:17+00:00","dateModified":"2024-03-20T08:59:08+00:00","breadcrumb":{"@id":"https:\/\/www.erkelenz-senf-und-gewuerze.de\/#breadcrumb"},"inLanguage":"de","potentialAction":[{"@type":"ReadAction","target":["https:\/\/www.erkelenz-senf-und-gewuerze.de\/"]}]},{"@type":"BreadcrumbList","@id":"https:\/\/www.erkelenz-senf-und-gewuerze.de\/#breadcrumb","itemListElement":[{"@type":"ListItem","position":1,"name":"Startseite","item":"https:\/\/www.erkelenz-senf-und-gewuerze.de\/"},{"@type":"ListItem","position":2,"name":"Start"}]},{"@type":"WebSite","@id":"https:\/\/www.erkelenz-senf-und-gewuerze.de\/#website","url":"https:\/\/www.erkelenz-senf-und-gewuerze.de\/","name":"Erkelenz Senf &amp; Gew\u00fcrzwerkstatt","description":"Senf und Gew\u00fcrze aus Erkelenz","potentialAction":[{"@type":"SearchAction","target":{"@type":"EntryPoint","urlTemplate":"https:\/\/www.erkelenz-senf-und-gewuerze.de\/?s={search_term_string}"},"query-input":"required name=search_term_string"}],"inLanguage":"de"}]}},"_links":{"self":[{"href":"https:\/\/www.erkelenz-senf-und-gewuerze.de\/index.php\/wp-json\/wp\/v2\/pages\/48553","targetHints":{"allow":["GET"]}}],"collection":[{"href":"https:\/\/www.erkelenz-senf-und-gewuerze.de\/index.php\/wp-json\/wp\/v2\/pages"}],"about":[{"href":"https:\/\/www.erkelenz-senf-und-gewuerze.de\/index.php\/wp-json\/wp\/v2\/types\/page"}],"author":[{"embeddable":true,"href":"https:\/\/www.erkelenz-senf-und-gewuerze.de\/index.php\/wp-json\/wp\/v2\/users\/2"}],"replies":[{"embeddable":true,"href":"https:\/\/www.erkelenz-senf-und-gewuerze.de\/index.php\/wp-json\/wp\/v2\/comments?post=48553"}],"version-history":[{"count":88,"href":"https:\/\/www.erkelenz-senf-und-gewuerze.de\/index.php\/wp-json\/wp\/v2\/pages\/48553\/revisions"}],"predecessor-version":[{"id":48873,"href":"https:\/\/www.erkelenz-senf-und-gewuerze.de\/index.php\/wp-json\/wp\/v2\/pages\/48553\/revisions\/48873"}],"wp:attachment":[{"href":"https:\/\/www.erkelenz-senf-und-gewuerze.de\/index.php\/wp-json\/wp\/v2\/media?parent=48553"}],"curies":[{"name":"wp","href":"https:\/\/api.w.org\/{rel}","templated":true}]}}